{"id":9144,"date":"2023-07-01T11:26:01","date_gmt":"2023-07-01T09:26:01","guid":{"rendered":"https:\/\/www.lelude.com\/?page_id=9144"},"modified":"2023-07-01T14:05:08","modified_gmt":"2023-07-01T12:05:08","slug":"prize-p-j-redoute-prize-list-2022","status":"publish","type":"page","link":"https:\/\/www.lelude.com\/en\/prize-p-j-redoute-prize-list-2022\/","title":{"rendered":"Prize P.J. Redout\u00e9 &#8211; Prize list 2022"},"content":{"rendered":"<div class=\"wpb-content-wrapper\">[vc_row fullwidth=&#8221;true&#8221;][vc_column][mk_image src=&#8221;https:\/\/www.lelude.com\/wp-content\/uploads\/2022\/04\/lude_bandeau_20221.jpg&#8221; image_size=&#8221;full&#8221; align=&#8221;center&#8221;][\/vc_column][\/vc_row][mk_page_section padding_top=&#8221;0&#8243; padding_bottom=&#8221;0&#8243; top_shape_color=&#8221;#ffffff&#8221; bottom_shape_style=&#8221;speech-bottom&#8221; bottom_shape_color=&#8221;#ffffff&#8221; sidebar=&#8221;sidebar-1&#8243;][vc_column width=&#8221;2\/3&#8243;][mk_fancy_title size=&#8221;28&#8243; font_family=&#8221;none&#8221;]The edition 2022[\/mk_fancy_title][mk_divider style=&#8221;thin_solid&#8221; divider_width=&#8221;one_fourth&#8221; align=&#8221;left&#8221; thin_single_color=&#8221;#3abc99&#8243; thickness=&#8221;2&#8243; margin_top=&#8221;0&#8243;][vc_column_text css=&#8221;.vc_custom_1688213105114{margin-bottom: 0px !important;}&#8221;]On Saturday 4th June at the Ch\u00e2teau du Lude, the 22nd Prize Pierre-Joseph Redout\u00e9 has been awarded by the <em>Association des Jardins du Maine<\/em> to<\/p>\n<h3 style=\"text-align: center;\">JARDIN DE PELLINEC,<br \/>\nL&#8217;ivresse des couleurs&#8221;<\/h3>\n<p style=\"text-align: center;\">by G\u00e9rard Jean,<br \/>\nEditions Ulmer.<\/p>\n<p><strong><img decoding=\"async\" loading=\"lazy\" class=\"size-medium wp-image-7479 aligncenter\" src=\"https:\/\/www.lelude.com\/wp-content\/uploads\/2022\/06\/jardin-de-pellinec-1-225x300.jpg\" alt=\"\" width=\"225\" height=\"300\" srcset=\"https:\/\/www.lelude.com\/wp-content\/uploads\/2022\/06\/jardin-de-pellinec-1-225x300.jpg 225w, https:\/\/www.lelude.com\/wp-content\/uploads\/2022\/06\/jardin-de-pellinec-1-768x1024.jpg 768w, https:\/\/www.lelude.com\/wp-content\/uploads\/2022\/06\/jardin-de-pellinec-1.jpg 1500w\" sizes=\"(max-width: 225px) 100vw, 225px\" \/><\/strong><\/p>\n<p><strong>THE AUTHOR:<\/strong><\/p>\n<p><img decoding=\"async\" loading=\"lazy\" class=\"wp-image-7481 alignleft\" src=\"https:\/\/www.lelude.com\/wp-content\/uploads\/2022\/06\/gerard-jean.jpg\" alt=\"\" width=\"180\" height=\"134\" \/><\/p>\n<p>&#8220;Gardening is for me a wonderfull game, where beauty is created by mixing colours and lines.&#8221;<br \/>\nFormer rtistic director of a great advertising agency, <strong>G\u00e9rard Jean<\/strong> is an author, a photographer, a botanist and a journalist. But before all a gardener! Simultaneously to an absorbing professionnal activity, he finds revitalisation at the garden. He created four of them, in the different places when he lived. The last project is located in Britanny, at Pellinec. Since 1994, G\u00e9rard Jean engages in his passion of gardening and creating. Author of several books about Pellinec, his process can be followed year by year, with the pictures he takes in his garden, when his not diging or cutting.<\/p>\n<p>&nbsp;<\/p>\n<p>&nbsp;<\/p>\n<p><strong>THE BOOK:<\/strong><\/p>\n<p><em>Le Jardin de Pellinec, l\u2019ivresse des couleurs\u00a0<\/em>is the result of the life dedicated to the passion of gardening, that leaded G\u00e9rard Jean to the creation of a garden, regarded as one of the most beatiful in France. Written and illustrated by the author, the book relates the creation of the garden of Pellinec and its transformation through\u00a0 time, seasons and compositions. Colours are the central theme of the book. The pictures, sometimes willingly overexposed, faithfully express the spectacular visions of the author, created with the clever gathering of plants in the seven gardens that compose the garden of Pellinec. The text going allong with the splendid pictures is like a conversation. The author writes as he speaks, talks about\u00a0 his fellings, but also his patient work of search and tries over almost 30 years to obtain the hormony of colours. The awarding of the Prize P.-J. Redout\u00e9 to <em>Jardin de Pellinec<\/em>, is the way for the jury to salute not only the editorial word &#8211; a clear and simple text, which doesn&#8217;t forget the botanical accuracy and the practical advices -, but also the remarkable work of G\u00e9rard Jean in the realasation of his garden dream.<\/p>\n<p>&nbsp;<\/p>\n<h4><strong>5 other books were awarding in the following categories: <\/strong><\/h4>\n<table>\n<tbody>\n<tr>\n<td class=\"alignCenter\">HISTORICAL PRIZE<br \/>\n<strong><br \/>\nGazons<\/strong><br \/>\nby Lucie Nicolas-Vullierme,<br \/>\ned. Klincksieck.<\/td>\n<td class=\"alignCenter\">GARDENING PRIZE<strong><br \/>\n<\/strong><strong><br \/>\nAgrumes r\u00e9sistant au froid,<\/strong><br \/>\nby Olivier Biggio et Bertrand Londeix,<br \/>\ned. Ulmer.<\/td>\n<\/tr>\n<tr>\n<td class=\"alignCenter\">\n<p class=\"bold\">FAVORITE OF THE JURY<\/p>\n<p class=\"bold\"><strong>La flore de l&#8217;\u00eele d&#8217;Yeu<\/strong>,<br \/>\nby Alix et Emmanuel Prad\u00e8re,<br \/>\ned. La Geste.<\/p>\n<\/td>\n<td class=\"alignCenter\">\n<p>BOTANICAL PRIZE<\/p>\n<p><strong>Eloge des lianes<\/strong>,<br \/>\nby Annick Schnitzler et Claire Arnold,<br \/>\ned. Actes Sud.<\/td>\n<\/tr>\n<tr>\n<td class=\"alignCenter\">\n<p>SPECIAL PRIZE OF THE JURY<\/p>\n<p><strong>Voyages dans mon jardin,<br \/>\n<\/strong>by Nicolas Jolivot<br \/>\ned. HongFei.<\/td>\n<td class=\"alignCenter\"><\/td>\n<\/tr>\n<tr>\n<td class=\"alignCenter\" colspan=\"2\"><\/td>\n<\/tr>\n<\/tbody>\n<\/table>\n<p>The jury is composed by experts and amateurs:<\/p>\n<p><strong>Martine G\u00e9rardin<\/strong>, journalist,<strong>Diane de Belder<\/strong>, a Belgian lady at the garden <strong>Louis Benech<\/strong>, garden architect, <strong>Jean-Louis Remilleux<\/strong>, film producer, <strong>Jacques Garcia<\/strong>, interior designer, creator of the garden of <em>The Champ de Bataille<\/em>, <strong>Marie-Anne Chazel<\/strong>, actress and author, <strong>Marc Mennessier<\/strong>, journalist, <strong>Olivier Colin<\/strong>, collector of plants and botanist, <strong>Maryvonne Pinault<\/strong>, amateur of gardens.<\/p>\n<p class=\"alignJustify marginBottom10\"><strong>The Prize P.J. Redout\u00e9 gets the partnership of <\/strong><strong>M\u00e9dia Participations, Bourg Joly Malicorne, Youscribe, Truffaut, France Bleu Maine, du Conseil R\u00e9gional des Pays de la Loire et du Conseil D\u00e9partemental de la Sarthe.<\/strong><\/p>\n<p class=\"alignJustify marginBottom10\">For more informations : <a title=\"Le Lude\" href=\"https:\/\/www.lelude.com\/fr\/www.lelude.com\">www.lelude.com<\/a> &#8211; <a title=\"Envoyer un email\" href=\"mailto:info@lelude.com\">info@lelude.com<\/a> &#8211; 02 43 94 60 09 &#8211; Facebook\u00a0: <a title=\"Prix Pierre-Joseph Redout\u00e9\" href=\"https:\/\/www.lelude.com\/en\/prix-p-j-redoute\/\">Prix Pierre-Joseph Redout\u00e9<\/a><\/p>\n[\/vc_column_text][\/vc_column][vc_column width=&#8221;1\/3&#8243; css=&#8221;.vc_custom_1489054828018{margin-bottom: 0px !important;padding-right: 0px !important;padding-left: 0px !important;}&#8221;][mk_fancy_title size=&#8221;24&#8243; font_family=&#8221;none&#8221;]Palmar\u00e8s 2022[\/mk_fancy_title][mk_gallery images=&#8221;7451,7453,7455,7457,7461,7459&#8243; column=&#8221;2&#8243; image_size=&#8221;full&#8221; hover_scenarios=&#8221;slow_zoom&#8221; item_spacing=&#8221;1&#8243; orderby=&#8221;post__in&#8221;][\/vc_column][\/mk_page_section]\n<\/div>","protected":false},"excerpt":{"rendered":"<p>[vc_row fullwidth=&#8221;true&#8221;][vc_column][mk_image src=&#8221;https:\/\/www.lelude.com\/wp-content\/uploads\/2022\/04\/lude_bandeau_20221.jpg&#8221; image_size=&#8221;full&#8221; align=&#8221;center&#8221;][\/vc_column][\/vc_row][mk_page_section padding_top=&#8221;0&#8243; padding_bottom=&#8221;0&#8243; top_shape_color=&#8221;#ffffff&#8221; bottom_shape_style=&#8221;speech-bottom&#8221; bottom_shape_color=&#8221;#ffffff&#8221; sidebar=&#8221;sidebar-1&#8243;][vc_column width=&#8221;2\/3&#8243;][mk_fancy_title size=&#8221;28&#8243; font_family=&#8221;none&#8221;]The edition 2022[\/mk_fancy_title][mk_divider style=&#8221;thin_solid&#8221; divider_width=&#8221;one_fourth&#8221; align=&#8221;left&#8221; thin_single_color=&#8221;#3abc99&#8243; thickness=&#8221;2&#8243; margin_top=&#8221;0&#8243;][vc_column_text css=&#8221;.vc_custom_1688213105114{margin-bottom: 0px !important;}&#8221;]On Saturday 4th June at the Ch\u00e2teau du Lude, the 22nd Prize Pierre-Joseph Redout\u00e9 has been awarded by the Association des Jardins du Maine to JARDIN DE PELLINEC, L&#8217;ivresse des couleurs&#8221; [&hellip;]<\/p>\n","protected":false},"author":7,"featured_media":0,"parent":0,"menu_order":0,"comment_status":"closed","ping_status":"closed","template":"","meta":{"footnotes":""},"yoast_head":"<!-- This site is optimized with the Yoast SEO plugin v20.13 - https:\/\/yoast.com\/wordpress\/plugins\/seo\/ -->\n<title>Prize P.J. Redout\u00e9 - Prize list 2022 - Ch\u00e2teau du Lude<\/title>\n<meta name=\"robots\" content=\"index, follow, max-snippet:-1, max-image-preview:large, max-video-preview:-1\" \/>\n<link rel=\"canonical\" href=\"https:\/\/www.lelude.com\/prix-p-j-redoute-palmares-2019-2-2\/\" \/>\n<meta property=\"og:locale\" content=\"en_US\" \/>\n<meta property=\"og:type\" content=\"article\" \/>\n<meta property=\"og:title\" content=\"Prize P.J. Redout\u00e9 - Prize list 2022 - Ch\u00e2teau du Lude\" \/>\n<meta property=\"og:description\" content=\"[vc_row fullwidth=&#8221;true&#8221;][vc_column][mk_image src=&#8221;https:\/\/www.lelude.com\/wp-content\/uploads\/2022\/04\/lude_bandeau_20221.jpg&#8221; image_size=&#8221;full&#8221; align=&#8221;center&#8221;][\/vc_column][\/vc_row][mk_page_section padding_top=&#8221;0&#8243; padding_bottom=&#8221;0&#8243; top_shape_color=&#8221;#ffffff&#8221; bottom_shape_style=&#8221;speech-bottom&#8221; bottom_shape_color=&#8221;#ffffff&#8221; sidebar=&#8221;sidebar-1&#8243;][vc_column width=&#8221;2\/3&#8243;][mk_fancy_title size=&#8221;28&#8243; font_family=&#8221;none&#8221;]The edition 2022[\/mk_fancy_title][mk_divider style=&#8221;thin_solid&#8221; divider_width=&#8221;one_fourth&#8221; align=&#8221;left&#8221; thin_single_color=&#8221;#3abc99&#8243; thickness=&#8221;2&#8243; margin_top=&#8221;0&#8243;][vc_column_text css=&#8221;.vc_custom_1688213105114{margin-bottom: 0px !important;}&#8221;]On Saturday 4th June at the Ch\u00e2teau du Lude, the 22nd Prize Pierre-Joseph Redout\u00e9 has been awarded by the Association des Jardins du Maine to JARDIN DE PELLINEC, L&#8217;ivresse des couleurs&#8221; [&hellip;]\" \/>\n<meta property=\"og:url\" content=\"https:\/\/www.lelude.com\/prix-p-j-redoute-palmares-2019-2-2\/\" \/>\n<meta property=\"og:site_name\" content=\"Ch\u00e2teau du Lude\" \/>\n<meta property=\"article:modified_time\" content=\"2023-07-01T12:05:08+00:00\" \/>\n<meta property=\"og:image\" content=\"https:\/\/www.lelude.com\/wp-content\/uploads\/2022\/06\/jardin-de-pellinec-1-225x300.jpg\" \/>\n<meta name=\"twitter:card\" content=\"summary_large_image\" \/>\n<meta name=\"twitter:label1\" content=\"Est. reading time\" \/>\n\t<meta name=\"twitter:data1\" content=\"3 minutes\" \/>\n<script type=\"application\/ld+json\" class=\"yoast-schema-graph\">{\"@context\":\"https:\/\/schema.org\",\"@graph\":[{\"@type\":\"WebPage\",\"@id\":\"https:\/\/www.lelude.com\/prix-p-j-redoute-palmares-2019-2-2\/\",\"url\":\"https:\/\/www.lelude.com\/prix-p-j-redoute-palmares-2019-2-2\/\",\"name\":\"Prize P.J. Redout\u00e9 - Prize list 2022 - Ch\u00e2teau du Lude\",\"isPartOf\":{\"@id\":\"https:\/\/www.lelude.com\/#website\"},\"datePublished\":\"2023-07-01T09:26:01+00:00\",\"dateModified\":\"2023-07-01T12:05:08+00:00\",\"breadcrumb\":{\"@id\":\"https:\/\/www.lelude.com\/prix-p-j-redoute-palmares-2019-2-2\/#breadcrumb\"},\"inLanguage\":\"en-US\",\"potentialAction\":[{\"@type\":\"ReadAction\",\"target\":[\"https:\/\/www.lelude.com\/prix-p-j-redoute-palmares-2019-2-2\/\"]}]},{\"@type\":\"BreadcrumbList\",\"@id\":\"https:\/\/www.lelude.com\/prix-p-j-redoute-palmares-2019-2-2\/#breadcrumb\",\"itemListElement\":[{\"@type\":\"ListItem\",\"position\":1,\"name\":\"Accueil\",\"item\":\"https:\/\/www.lelude.com\/en\/\"},{\"@type\":\"ListItem\",\"position\":2,\"name\":\"Prize P.J. Redout\u00e9 &#8211; Prize list 2022\"}]},{\"@type\":\"WebSite\",\"@id\":\"https:\/\/www.lelude.com\/#website\",\"url\":\"https:\/\/www.lelude.com\/\",\"name\":\"Ch\u00e2teau du Lude\",\"description\":\"Le premier des ch\u00e2teaux de la Loire au nord de la vall\u00e9e\",\"publisher\":{\"@id\":\"https:\/\/www.lelude.com\/#organization\"},\"potentialAction\":[{\"@type\":\"SearchAction\",\"target\":{\"@type\":\"EntryPoint\",\"urlTemplate\":\"https:\/\/www.lelude.com\/?s={search_term_string}\"},\"query-input\":\"required name=search_term_string\"}],\"inLanguage\":\"en-US\"},{\"@type\":\"Organization\",\"@id\":\"https:\/\/www.lelude.com\/#organization\",\"name\":\"Ch\u00e2teau du Lude\",\"url\":\"https:\/\/www.lelude.com\/\",\"logo\":{\"@type\":\"ImageObject\",\"inLanguage\":\"en-US\",\"@id\":\"https:\/\/www.lelude.com\/#\/schema\/logo\/image\/\",\"url\":\"https:\/\/www.lelude.com\/wp-content\/uploads\/2017\/03\/logolelude.png\",\"contentUrl\":\"https:\/\/www.lelude.com\/wp-content\/uploads\/2017\/03\/logolelude.png\",\"width\":167,\"height\":100,\"caption\":\"Ch\u00e2teau du Lude\"},\"image\":{\"@id\":\"https:\/\/www.lelude.com\/#\/schema\/logo\/image\/\"}}]}<\/script>\n<!-- \/ Yoast SEO plugin. -->","yoast_head_json":{"title":"Prize P.J. Redout\u00e9 - Prize list 2022 - Ch\u00e2teau du Lude","robots":{"index":"index","follow":"follow","max-snippet":"max-snippet:-1","max-image-preview":"max-image-preview:large","max-video-preview":"max-video-preview:-1"},"canonical":"https:\/\/www.lelude.com\/prix-p-j-redoute-palmares-2019-2-2\/","og_locale":"en_US","og_type":"article","og_title":"Prize P.J. Redout\u00e9 - Prize list 2022 - Ch\u00e2teau du Lude","og_description":"[vc_row fullwidth=&#8221;true&#8221;][vc_column][mk_image src=&#8221;https:\/\/www.lelude.com\/wp-content\/uploads\/2022\/04\/lude_bandeau_20221.jpg&#8221; image_size=&#8221;full&#8221; align=&#8221;center&#8221;][\/vc_column][\/vc_row][mk_page_section padding_top=&#8221;0&#8243; padding_bottom=&#8221;0&#8243; top_shape_color=&#8221;#ffffff&#8221; bottom_shape_style=&#8221;speech-bottom&#8221; bottom_shape_color=&#8221;#ffffff&#8221; sidebar=&#8221;sidebar-1&#8243;][vc_column width=&#8221;2\/3&#8243;][mk_fancy_title size=&#8221;28&#8243; font_family=&#8221;none&#8221;]The edition 2022[\/mk_fancy_title][mk_divider style=&#8221;thin_solid&#8221; divider_width=&#8221;one_fourth&#8221; align=&#8221;left&#8221; thin_single_color=&#8221;#3abc99&#8243; thickness=&#8221;2&#8243; margin_top=&#8221;0&#8243;][vc_column_text css=&#8221;.vc_custom_1688213105114{margin-bottom: 0px !important;}&#8221;]On Saturday 4th June at the Ch\u00e2teau du Lude, the 22nd Prize Pierre-Joseph Redout\u00e9 has been awarded by the Association des Jardins du Maine to JARDIN DE PELLINEC, L&#8217;ivresse des couleurs&#8221; [&hellip;]","og_url":"https:\/\/www.lelude.com\/prix-p-j-redoute-palmares-2019-2-2\/","og_site_name":"Ch\u00e2teau du Lude","article_modified_time":"2023-07-01T12:05:08+00:00","og_image":[{"url":"https:\/\/www.lelude.com\/wp-content\/uploads\/2022\/06\/jardin-de-pellinec-1-225x300.jpg"}],"twitter_card":"summary_large_image","twitter_misc":{"Est. reading time":"3 minutes"},"schema":{"@context":"https:\/\/schema.org","@graph":[{"@type":"WebPage","@id":"https:\/\/www.lelude.com\/prix-p-j-redoute-palmares-2019-2-2\/","url":"https:\/\/www.lelude.com\/prix-p-j-redoute-palmares-2019-2-2\/","name":"Prize P.J. Redout\u00e9 - Prize list 2022 - Ch\u00e2teau du Lude","isPartOf":{"@id":"https:\/\/www.lelude.com\/#website"},"datePublished":"2023-07-01T09:26:01+00:00","dateModified":"2023-07-01T12:05:08+00:00","breadcrumb":{"@id":"https:\/\/www.lelude.com\/prix-p-j-redoute-palmares-2019-2-2\/#breadcrumb"},"inLanguage":"en-US","potentialAction":[{"@type":"ReadAction","target":["https:\/\/www.lelude.com\/prix-p-j-redoute-palmares-2019-2-2\/"]}]},{"@type":"BreadcrumbList","@id":"https:\/\/www.lelude.com\/prix-p-j-redoute-palmares-2019-2-2\/#breadcrumb","itemListElement":[{"@type":"ListItem","position":1,"name":"Accueil","item":"https:\/\/www.lelude.com\/en\/"},{"@type":"ListItem","position":2,"name":"Prize P.J. Redout\u00e9 &#8211; Prize list 2022"}]},{"@type":"WebSite","@id":"https:\/\/www.lelude.com\/#website","url":"https:\/\/www.lelude.com\/","name":"Ch\u00e2teau du Lude","description":"Le premier des ch\u00e2teaux de la Loire au nord de la vall\u00e9e","publisher":{"@id":"https:\/\/www.lelude.com\/#organization"},"potentialAction":[{"@type":"SearchAction","target":{"@type":"EntryPoint","urlTemplate":"https:\/\/www.lelude.com\/?s={search_term_string}"},"query-input":"required name=search_term_string"}],"inLanguage":"en-US"},{"@type":"Organization","@id":"https:\/\/www.lelude.com\/#organization","name":"Ch\u00e2teau du Lude","url":"https:\/\/www.lelude.com\/","logo":{"@type":"ImageObject","inLanguage":"en-US","@id":"https:\/\/www.lelude.com\/#\/schema\/logo\/image\/","url":"https:\/\/www.lelude.com\/wp-content\/uploads\/2017\/03\/logolelude.png","contentUrl":"https:\/\/www.lelude.com\/wp-content\/uploads\/2017\/03\/logolelude.png","width":167,"height":100,"caption":"Ch\u00e2teau du Lude"},"image":{"@id":"https:\/\/www.lelude.com\/#\/schema\/logo\/image\/"}}]}},"_links":{"self":[{"href":"https:\/\/www.lelude.com\/en\/wp-json\/wp\/v2\/pages\/9144"}],"collection":[{"href":"https:\/\/www.lelude.com\/en\/wp-json\/wp\/v2\/pages"}],"about":[{"href":"https:\/\/www.lelude.com\/en\/wp-json\/wp\/v2\/types\/page"}],"author":[{"embeddable":true,"href":"https:\/\/www.lelude.com\/en\/wp-json\/wp\/v2\/users\/7"}],"replies":[{"embeddable":true,"href":"https:\/\/www.lelude.com\/en\/wp-json\/wp\/v2\/comments?post=9144"}],"version-history":[{"count":6,"href":"https:\/\/www.lelude.com\/en\/wp-json\/wp\/v2\/pages\/9144\/revisions"}],"predecessor-version":[{"id":9156,"href":"https:\/\/www.lelude.com\/en\/wp-json\/wp\/v2\/pages\/9144\/revisions\/9156"}],"wp:attachment":[{"href":"https:\/\/www.lelude.com\/en\/wp-json\/wp\/v2\/media?parent=9144"}],"curies":[{"name":"wp","href":"https:\/\/api.w.org\/{rel}","templated":true}]}}